{"id":7740,"date":"2023-11-29T12:33:29","date_gmt":"2023-11-29T10:33:29","guid":{"rendered":"https:\/\/kalmarslott.se\/historia\/historien-om-sverige-pa-kalmar-slott\/"},"modified":"2024-01-18T13:17:46","modified_gmt":"2024-01-18T11:17:46","slug":"karin-syr-slottets-kostymer","status":"publish","type":"page","link":"https:\/\/kalmarslott.se\/da\/historia\/karin-syr-slottets-kostymer\/","title":{"rendered":"Karin syr slottets kostymer"},"content":{"rendered":"<p><img loading=\"lazy\" decoding=\"async\" class=\"aligncenter size-large wp-image-7774\" src=\"https:\/\/kalmarslott.se\/wp-content\/uploads\/2023\/11\/karinm-1024x683.jpg\" alt=\"Karin Mellbo Kalmar Slott\" width=\"1024\" height=\"683\" srcset=\"https:\/\/kalmarslott.se\/wp-content\/uploads\/2023\/11\/karinm-1024x683.jpg 1024w, https:\/\/kalmarslott.se\/wp-content\/uploads\/2023\/11\/karinm-300x200.jpg 300w, https:\/\/kalmarslott.se\/wp-content\/uploads\/2023\/11\/karinm-768x512.jpg 768w, https:\/\/kalmarslott.se\/wp-content\/uploads\/2023\/11\/karinm-1536x1024.jpg 1536w, https:\/\/kalmarslott.se\/wp-content\/uploads\/2023\/11\/karinm-2048x1366.jpg 2048w, https:\/\/kalmarslott.se\/wp-content\/uploads\/2023\/11\/karinm-600x400.jpg 600w\" sizes=\"auto, (max-width: 1024px) 100vw, 1024px\" \/><\/p>\n<div id=\"svid12_48a9f2591797c7bf2d726a\" class=\"sv-image-portlet sv-portlet\">\n<p class=\"sv-portlet-image-caption\">I SVT:s program Historien om Sverige f\u00e5r vi se Gustav Vasa p\u00e5 Kalmar Slott b\u00e4ra en fantastisk dr\u00e4kt i guld och svart. Dr\u00e4kten \u00e4r sydd av Kalmar Slotts <span lang=\"sv-SE\">kostym- och f\u00f6rem\u00e5lsansvarig<\/span> Karin Mellbo. Hon har skapat flera dr\u00e4kter till Historien om Sverige som nyttjades n\u00e4r de spelade in programmet <a href=\"https:\/\/www.svtplay.se\/historien-om-sverige\">&#8220;Kampen om tronen, \u00e5r 1361\u20131560&#8221;<\/a> p\u00e5 Kalmar Slott.<\/p>\n<p>Karin Mellbo har jobbat p\u00e5 Kalmar Slott sedan 2006 och b\u00f6rjade d\u00e5 som <span lang=\"sv-SE\">guide, butiksbitr\u00e4de och vakt. <\/span><\/p>\n<p><span lang=\"sv-SE\">\u2013\u00a0 Jag \u00e4r arkeolog och historiker s\u00e5 i b\u00f6rjan var det mitt historiska kunnande som var i fokus. Efterhand b\u00f6rjade jag jobba mer och mer med utst\u00e4llningsarbete \u2013 och med hantverk, snickeri, skulptur och kl\u00e4der. Idag \u00e4r jag kostym- och f\u00f6rem\u00e5lsansvarig p\u00e5 slottet. Jag jobbar ocks\u00e5 mycket med utst\u00e4llningarna och med att ta fram nya koncept.<\/span><\/p>\n<\/div>\n<p>&nbsp;<\/p>\n<div id=\"svid12_48a9f2591797c7bf2d726a\" class=\"sv-image-portlet sv-portlet\">\n<figure id=\"attachment_7626\" aria-describedby=\"caption-attachment-7626\" style=\"width: 800px\" class=\"wp-caption aligncenter\"><img loading=\"lazy\" decoding=\"async\" class=\"wp-image-7626\" src=\"https:\/\/kalmarslott.se\/wp-content\/uploads\/2023\/11\/hos-005-gustavvasa-fotosvt-1024x576.jpg\" alt=\"Historien om Sverige Gustav Vasa p\u00e5 Kalmar Slott\" width=\"800\" height=\"450\" srcset=\"https:\/\/kalmarslott.se\/wp-content\/uploads\/2023\/11\/hos-005-gustavvasa-fotosvt-1024x576.jpg 1024w, https:\/\/kalmarslott.se\/wp-content\/uploads\/2023\/11\/hos-005-gustavvasa-fotosvt-300x169.jpg 300w, https:\/\/kalmarslott.se\/wp-content\/uploads\/2023\/11\/hos-005-gustavvasa-fotosvt-768x432.jpg 768w, https:\/\/kalmarslott.se\/wp-content\/uploads\/2023\/11\/hos-005-gustavvasa-fotosvt-1536x864.jpg 1536w, https:\/\/kalmarslott.se\/wp-content\/uploads\/2023\/11\/hos-005-gustavvasa-fotosvt-2048x1152.jpg 2048w, https:\/\/kalmarslott.se\/wp-content\/uploads\/2023\/11\/hos-005-gustavvasa-fotosvt-1200x675.jpg 1200w\" sizes=\"auto, (max-width: 800px) 100vw, 800px\" \/><figcaption id=\"caption-attachment-7626\" class=\"wp-caption-text\"><em>Bild ur Historien om Sverige p\u00e5 SVT n\u00e4r vi f\u00e5r m\u00f6ta Gustav Vasa p\u00e5 Kalmar Slott.<\/em><\/figcaption><\/figure>\n<\/div>\n<div id=\"svid12_48a9f2591797c7bf2d7270\" class=\"sv-text-portlet sv-use-margins\">\n<div class=\"sv-text-portlet-content\">\n<h4 class=\"font-normal\"><strong>Du \u00e4r kostymansvarig p\u00e5 slottet. Hur g\u00e5r det till att ta fram de vackra dr\u00e4kterna?<\/strong><\/h4>\n<p class=\"font-normal\"><span lang=\"sv-SE\">\u2013\u00a0 Det g\u00e4ller att ha koll p\u00e5 de historiska k\u00e4llorna och f\u00e5nga just 1500-talets mode som vi valt att fokusera p\u00e5 h\u00e4r p\u00e5 Kalmar Slott. B\u00e5de herr- och damkl\u00e4derna var mycket vackra, b\u00e5de de lite enklare kl\u00e4derna f\u00f6r \u201dvanligt folk\u201d och de praktfulla kungliga dr\u00e4kterna. N\u00e4r man f\u00e5r p\u00e5 sig kl\u00e4derna blir det som att man g\u00e5r in i en roll och man f\u00e5r v\u00e4ldigt bra h\u00e5llning.<\/span><\/p>\n<p class=\"font-normal\"><span lang=\"sv-SE\">\u2013 Det \u00e4r s\u00e5klart ocks\u00e5 viktigt att personerna som ska b\u00e4ra kl\u00e4derna trivs, \u00e4ven om de inte \u00e4r riktigt lika bekv\u00e4ma som dagens kl\u00e4der. Modell och snitt p\u00e5 kl\u00e4derna kan variera lite. Personen som ska b\u00e4ra dem f\u00e5r ofta vara med och v\u00e4lja f\u00e4rg eller utseende.<\/span><\/p>\n<figure id=\"attachment_7790\" aria-describedby=\"caption-attachment-7790\" style=\"width: 800px\" class=\"wp-caption aligncenter\"><img loading=\"lazy\" decoding=\"async\" class=\"wp-image-7790\" src=\"https:\/\/kalmarslott.se\/wp-content\/uploads\/2023\/11\/slottet-interiorer-30-1024x683.jpg\" alt=\"Gustav Vasa portr\u00e4tt\" width=\"800\" height=\"533\" srcset=\"https:\/\/kalmarslott.se\/wp-content\/uploads\/2023\/11\/slottet-interiorer-30-1024x683.jpg 1024w, https:\/\/kalmarslott.se\/wp-content\/uploads\/2023\/11\/slottet-interiorer-30-300x200.jpg 300w, https:\/\/kalmarslott.se\/wp-content\/uploads\/2023\/11\/slottet-interiorer-30-768x512.jpg 768w, https:\/\/kalmarslott.se\/wp-content\/uploads\/2023\/11\/slottet-interiorer-30-1536x1024.jpg 1536w, https:\/\/kalmarslott.se\/wp-content\/uploads\/2023\/11\/slottet-interiorer-30-2048x1365.jpg 2048w, https:\/\/kalmarslott.se\/wp-content\/uploads\/2023\/11\/slottet-interiorer-30-600x400.jpg 600w\" sizes=\"auto, (max-width: 800px) 100vw, 800px\" \/><figcaption id=\"caption-attachment-7790\" class=\"wp-caption-text\"><em>Portr\u00e4tt av Gustav Vasa i helfigur som Karin Mellbo utg\u00e5tt ifr\u00e5n n\u00e4r hon rekonstruerat dr\u00e4kten.<\/em><\/figcaption><\/figure>\n<\/div>\n<h4>Hur gick du till v\u00e4ga f\u00f6r att skapa Gustav Vasas dr\u00e4kt som anv\u00e4ndes till Historien om Sverige?<\/h4>\n<p><span lang=\"sv-SE\">\u2013 <\/span>Jag har utg\u00e5tt fr\u00e5n ett portr\u00e4tt p\u00e5 Gustav Vasa. Med hj\u00e4lp av just portr\u00e4tt kan man rekonstruera historiska dr\u00e4kter. F\u00f6rdelen med just detta portr\u00e4tt p\u00e5 Vasa \u00e4r att det \u00e4r ett portr\u00e4tt i helfigur s\u00e5 vi f\u00e5r information \u00e4ven hur nedre delen av kl\u00e4dseln s\u00e5g ut. <span lang=\"sv-SE\">Jag utg\u00e5r \u00e4ven fr\u00e5n forskning i mitt arbete.<\/span><\/p>\n<figure id=\"attachment_7777\" aria-describedby=\"caption-attachment-7777\" style=\"width: 800px\" class=\"wp-caption aligncenter\"><img loading=\"lazy\" decoding=\"async\" class=\"wp-image-7777\" src=\"https:\/\/kalmarslott.se\/wp-content\/uploads\/2023\/11\/vasasdrakt-1024x703.jpg\" alt=\"Gustaf Vasas dr\u00e4kt\" width=\"800\" height=\"549\" srcset=\"https:\/\/kalmarslott.se\/wp-content\/uploads\/2023\/11\/vasasdrakt-1024x703.jpg 1024w, https:\/\/kalmarslott.se\/wp-content\/uploads\/2023\/11\/vasasdrakt-300x206.jpg 300w, https:\/\/kalmarslott.se\/wp-content\/uploads\/2023\/11\/vasasdrakt-768x527.jpg 768w, https:\/\/kalmarslott.se\/wp-content\/uploads\/2023\/11\/vasasdrakt-1536x1055.jpg 1536w, https:\/\/kalmarslott.se\/wp-content\/uploads\/2023\/11\/vasasdrakt-2048x1407.jpg 2048w\" sizes=\"auto, (max-width: 800px) 100vw, 800px\" \/><figcaption id=\"caption-attachment-7777\" class=\"wp-caption-text\"><em>Gustav Vasas dr\u00e4kt som Karin Mellbo sytt och som nyttjas av slottets anst\u00e4llda i sk\u00e5despel och guidningar.<\/em><\/figcaption><\/figure>\n<h4>Vad best\u00e5r Gustav Vasas dr\u00e4kt av f\u00f6r plagg?<\/h4>\n<p><span lang=\"sv-SE\">\u2013 Gustav Vasas dr\u00e4kt som anv\u00e4ndes i Historien om Sverige \u00e4r en dr\u00e4kt i svart sammet och sidenbrokad i guld. Han har en skjorta med en veckad krage och manschetter, broderade med guldtr\u00e5d. Sedan har han en doublet, en slags underjacka med l\u00e5ng arm i svart guldbrokad. \u00d6verrocken \u00e4r midjel\u00e5ng i svart sammet och har puff\u00e4rm. <\/span>Pluderhosorna \u00e4r \u00e4ven de i guldbrokad. Stilen kompletteras med en sammetsbarett med vita fj\u00e4drar och tre p\u00e4rlor.<\/p>\n<p><span lang=\"sv-SE\">\u2013 <\/span>Sidenbrokad \u00e4r v\u00e4vd siden i m\u00f6nster, med riktig guld- eller silvertr\u00e5d. Kl\u00e4derna m\u00e5ste varit otroligt tunga att b\u00e4ra.<\/p>\n<h4><strong>Vilka typer av kl\u00e4der hade man vid hovet under 1500-talet?<\/strong><\/h4>\n<\/div>\n<div id=\"svid12_48a9f2591797c7bf2d7271\" class=\"sv-text-portlet sv-use-margins\">\n<div class=\"sv-text-portlet-content\">\n<p><span lang=\"sv-SE\">\u2013\u00a0 <\/span>Inom h\u00f6gadeln s\u00e5 anv\u00e4nde man tyger av b\u00e4ttre kvalitet. Man hade linne n\u00e4rmast kroppen, men det var extra fint importerad linne. Man hade \u00e4ven kl\u00e4de som \u00e4r en finare variant av ylle. Till de allra finaste tillf\u00e4llena, till fester och portr\u00e4tt, bar man kl\u00e4der av importerade tyger som sammet och sidenbrokad.<\/p>\n<\/div>\n<\/div>\n","protected":false},"excerpt":{"rendered":"<p>I SVT:s program Historien om Sverige f\u00e5r vi se Gustav Vasa p\u00e5 Kalmar Slott b\u00e4ra en fantastisk dr\u00e4kt i guld och svart. Dr\u00e4kten \u00e4r sydd av Kalmar Slotts kostym- och f\u00f6rem\u00e5lsansvarig Karin Mellbo. Hon har skapat flera dr\u00e4kter till Historien om Sverige som nyttjades n\u00e4r de spelade in programmet &#8220;Kampen om tronen, \u00e5r 1361\u20131560&#8221; p\u00e5 [&hellip;]<\/p>\n","protected":false},"author":9,"featured_media":7626,"parent":496,"menu_order":0,"comment_status":"closed","ping_status":"closed","template":"","meta":{"_acf_changed":false,"footnotes":""},"class_list":["post-7740","page","type-page","status-publish","has-post-thumbnail","hentry"],"acf":[],"yoast_head":"<!-- This site is optimized with the Yoast SEO plugin v27.5 - https:\/\/yoast.com\/product\/yoast-seo-wordpress\/ -->\n<title>Karin syr slottets kostymer - Kalmar Slott<\/title>\n<meta name=\"description\" content=\"Karin Mellbo syr kostymerna p\u00e5 Kalmar Slott och st\u00e5r bakom Gustav Vasas praktfulla kl\u00e4dnad vi f\u00e5r se i Historien om Sverige.\" \/>\n<meta name=\"robots\" content=\"index, follow, max-snippet:-1, max-image-preview:large, max-video-preview:-1\" \/>\n<link rel=\"canonical\" href=\"https:\/\/kalmarslott.se\/da\/historia\/karin-syr-slottets-kostymer\/\" \/>\n<meta property=\"og:locale\" content=\"da_DK\" \/>\n<meta property=\"og:type\" content=\"article\" \/>\n<meta property=\"og:title\" content=\"Karin syr slottets kostymer - Kalmar Slott\" \/>\n<meta property=\"og:description\" content=\"Karin Mellbo syr kostymerna p\u00e5 Kalmar Slott och st\u00e5r bakom Gustav Vasas praktfulla kl\u00e4dnad vi f\u00e5r se i Historien om Sverige.\" \/>\n<meta property=\"og:url\" content=\"https:\/\/kalmarslott.se\/da\/historia\/karin-syr-slottets-kostymer\/\" \/>\n<meta property=\"og:site_name\" content=\"Kalmar Slott\" \/>\n<meta property=\"article:modified_time\" content=\"2024-01-18T11:17:46+00:00\" \/>\n<meta property=\"og:image\" content=\"https:\/\/kalmarslott.se\/wp-content\/uploads\/2023\/11\/hos-005-gustavvasa-fotosvt-scaled.jpg\" \/>\n\t<meta property=\"og:image:width\" content=\"2560\" \/>\n\t<meta property=\"og:image:height\" content=\"1440\" \/>\n\t<meta property=\"og:image:type\" content=\"image\/jpeg\" \/>\n<meta name=\"twitter:card\" content=\"summary_large_image\" \/>\n<meta name=\"twitter:label1\" content=\"Estimeret l\u00e6setid\" \/>\n\t<meta name=\"twitter:data1\" content=\"4 minutter\" \/>\n<script type=\"application\/ld+json\" class=\"yoast-schema-graph\">{\"@context\":\"https:\\\/\\\/schema.org\",\"@graph\":[{\"@type\":\"WebPage\",\"@id\":\"https:\\\/\\\/kalmarslott.se\\\/da\\\/historia\\\/karin-syr-slottets-kostymer\\\/\",\"url\":\"https:\\\/\\\/kalmarslott.se\\\/da\\\/historia\\\/karin-syr-slottets-kostymer\\\/\",\"name\":\"Karin syr slottets kostymer - Kalmar Slott\",\"isPartOf\":{\"@id\":\"https:\\\/\\\/kalmarslott.se\\\/da\\\/#website\"},\"primaryImageOfPage\":{\"@id\":\"https:\\\/\\\/kalmarslott.se\\\/da\\\/historia\\\/karin-syr-slottets-kostymer\\\/#primaryimage\"},\"image\":{\"@id\":\"https:\\\/\\\/kalmarslott.se\\\/da\\\/historia\\\/karin-syr-slottets-kostymer\\\/#primaryimage\"},\"thumbnailUrl\":\"https:\\\/\\\/kalmarslott.se\\\/wp-content\\\/uploads\\\/2023\\\/11\\\/hos-005-gustavvasa-fotosvt-scaled.jpg\",\"datePublished\":\"2023-11-29T10:33:29+00:00\",\"dateModified\":\"2024-01-18T11:17:46+00:00\",\"description\":\"Karin Mellbo syr kostymerna p\u00e5 Kalmar Slott och st\u00e5r bakom Gustav Vasas praktfulla kl\u00e4dnad vi f\u00e5r se i Historien om Sverige.\",\"breadcrumb\":{\"@id\":\"https:\\\/\\\/kalmarslott.se\\\/da\\\/historia\\\/karin-syr-slottets-kostymer\\\/#breadcrumb\"},\"inLanguage\":\"da-DK\",\"potentialAction\":[{\"@type\":\"ReadAction\",\"target\":[\"https:\\\/\\\/kalmarslott.se\\\/da\\\/historia\\\/karin-syr-slottets-kostymer\\\/\"]}]},{\"@type\":\"ImageObject\",\"inLanguage\":\"da-DK\",\"@id\":\"https:\\\/\\\/kalmarslott.se\\\/da\\\/historia\\\/karin-syr-slottets-kostymer\\\/#primaryimage\",\"url\":\"https:\\\/\\\/kalmarslott.se\\\/wp-content\\\/uploads\\\/2023\\\/11\\\/hos-005-gustavvasa-fotosvt-scaled.jpg\",\"contentUrl\":\"https:\\\/\\\/kalmarslott.se\\\/wp-content\\\/uploads\\\/2023\\\/11\\\/hos-005-gustavvasa-fotosvt-scaled.jpg\",\"width\":2560,\"height\":1440,\"caption\":\"Historien om Sverige Gustav Vasa p\u00e5 Kalmar Slott\"},{\"@type\":\"BreadcrumbList\",\"@id\":\"https:\\\/\\\/kalmarslott.se\\\/da\\\/historia\\\/karin-syr-slottets-kostymer\\\/#breadcrumb\",\"itemListElement\":[{\"@type\":\"ListItem\",\"position\":1,\"name\":\"Hem\",\"item\":\"https:\\\/\\\/kalmarslott.se\\\/da\\\/\"},{\"@type\":\"ListItem\",\"position\":2,\"name\":\"Historia\",\"item\":\"https:\\\/\\\/kalmarslott.se\\\/da\\\/historia\\\/\"},{\"@type\":\"ListItem\",\"position\":3,\"name\":\"Karin syr slottets kostymer\"}]},{\"@type\":\"WebSite\",\"@id\":\"https:\\\/\\\/kalmarslott.se\\\/da\\\/#website\",\"url\":\"https:\\\/\\\/kalmarslott.se\\\/da\\\/\",\"name\":\"Kalmar Slott\",\"description\":\"Ett riktigt slott\",\"potentialAction\":[{\"@type\":\"SearchAction\",\"target\":{\"@type\":\"EntryPoint\",\"urlTemplate\":\"https:\\\/\\\/kalmarslott.se\\\/da\\\/?s={search_term_string}\"},\"query-input\":{\"@type\":\"PropertyValueSpecification\",\"valueRequired\":true,\"valueName\":\"search_term_string\"}}],\"inLanguage\":\"da-DK\"}]}<\/script>\n<!-- \/ Yoast SEO plugin. -->","yoast_head_json":{"title":"Karin syr slottets kostymer - Kalmar Slott","description":"Karin Mellbo syr kostymerna p\u00e5 Kalmar Slott och st\u00e5r bakom Gustav Vasas praktfulla kl\u00e4dnad vi f\u00e5r se i Historien om Sverige.","robots":{"index":"index","follow":"follow","max-snippet":"max-snippet:-1","max-image-preview":"max-image-preview:large","max-video-preview":"max-video-preview:-1"},"canonical":"https:\/\/kalmarslott.se\/da\/historia\/karin-syr-slottets-kostymer\/","og_locale":"da_DK","og_type":"article","og_title":"Karin syr slottets kostymer - Kalmar Slott","og_description":"Karin Mellbo syr kostymerna p\u00e5 Kalmar Slott och st\u00e5r bakom Gustav Vasas praktfulla kl\u00e4dnad vi f\u00e5r se i Historien om Sverige.","og_url":"https:\/\/kalmarslott.se\/da\/historia\/karin-syr-slottets-kostymer\/","og_site_name":"Kalmar Slott","article_modified_time":"2024-01-18T11:17:46+00:00","og_image":[{"width":2560,"height":1440,"url":"https:\/\/kalmarslott.se\/wp-content\/uploads\/2023\/11\/hos-005-gustavvasa-fotosvt-scaled.jpg","type":"image\/jpeg"}],"twitter_card":"summary_large_image","twitter_misc":{"Estimeret l\u00e6setid":"4 minutter"},"schema":{"@context":"https:\/\/schema.org","@graph":[{"@type":"WebPage","@id":"https:\/\/kalmarslott.se\/da\/historia\/karin-syr-slottets-kostymer\/","url":"https:\/\/kalmarslott.se\/da\/historia\/karin-syr-slottets-kostymer\/","name":"Karin syr slottets kostymer - Kalmar Slott","isPartOf":{"@id":"https:\/\/kalmarslott.se\/da\/#website"},"primaryImageOfPage":{"@id":"https:\/\/kalmarslott.se\/da\/historia\/karin-syr-slottets-kostymer\/#primaryimage"},"image":{"@id":"https:\/\/kalmarslott.se\/da\/historia\/karin-syr-slottets-kostymer\/#primaryimage"},"thumbnailUrl":"https:\/\/kalmarslott.se\/wp-content\/uploads\/2023\/11\/hos-005-gustavvasa-fotosvt-scaled.jpg","datePublished":"2023-11-29T10:33:29+00:00","dateModified":"2024-01-18T11:17:46+00:00","description":"Karin Mellbo syr kostymerna p\u00e5 Kalmar Slott och st\u00e5r bakom Gustav Vasas praktfulla kl\u00e4dnad vi f\u00e5r se i Historien om Sverige.","breadcrumb":{"@id":"https:\/\/kalmarslott.se\/da\/historia\/karin-syr-slottets-kostymer\/#breadcrumb"},"inLanguage":"da-DK","potentialAction":[{"@type":"ReadAction","target":["https:\/\/kalmarslott.se\/da\/historia\/karin-syr-slottets-kostymer\/"]}]},{"@type":"ImageObject","inLanguage":"da-DK","@id":"https:\/\/kalmarslott.se\/da\/historia\/karin-syr-slottets-kostymer\/#primaryimage","url":"https:\/\/kalmarslott.se\/wp-content\/uploads\/2023\/11\/hos-005-gustavvasa-fotosvt-scaled.jpg","contentUrl":"https:\/\/kalmarslott.se\/wp-content\/uploads\/2023\/11\/hos-005-gustavvasa-fotosvt-scaled.jpg","width":2560,"height":1440,"caption":"Historien om Sverige Gustav Vasa p\u00e5 Kalmar Slott"},{"@type":"BreadcrumbList","@id":"https:\/\/kalmarslott.se\/da\/historia\/karin-syr-slottets-kostymer\/#breadcrumb","itemListElement":[{"@type":"ListItem","position":1,"name":"Hem","item":"https:\/\/kalmarslott.se\/da\/"},{"@type":"ListItem","position":2,"name":"Historia","item":"https:\/\/kalmarslott.se\/da\/historia\/"},{"@type":"ListItem","position":3,"name":"Karin syr slottets kostymer"}]},{"@type":"WebSite","@id":"https:\/\/kalmarslott.se\/da\/#website","url":"https:\/\/kalmarslott.se\/da\/","name":"Kalmar Slott","description":"Ett riktigt slott","potentialAction":[{"@type":"SearchAction","target":{"@type":"EntryPoint","urlTemplate":"https:\/\/kalmarslott.se\/da\/?s={search_term_string}"},"query-input":{"@type":"PropertyValueSpecification","valueRequired":true,"valueName":"search_term_string"}}],"inLanguage":"da-DK"}]}},"_links":{"self":[{"href":"https:\/\/kalmarslott.se\/da\/wp-json\/wp\/v2\/pages\/7740","targetHints":{"allow":["GET"]}}],"collection":[{"href":"https:\/\/kalmarslott.se\/da\/wp-json\/wp\/v2\/pages"}],"about":[{"href":"https:\/\/kalmarslott.se\/da\/wp-json\/wp\/v2\/types\/page"}],"author":[{"embeddable":true,"href":"https:\/\/kalmarslott.se\/da\/wp-json\/wp\/v2\/users\/9"}],"replies":[{"embeddable":true,"href":"https:\/\/kalmarslott.se\/da\/wp-json\/wp\/v2\/comments?post=7740"}],"version-history":[{"count":14,"href":"https:\/\/kalmarslott.se\/da\/wp-json\/wp\/v2\/pages\/7740\/revisions"}],"predecessor-version":[{"id":8126,"href":"https:\/\/kalmarslott.se\/da\/wp-json\/wp\/v2\/pages\/7740\/revisions\/8126"}],"up":[{"embeddable":true,"href":"https:\/\/kalmarslott.se\/da\/wp-json\/wp\/v2\/pages\/496"}],"wp:featuredmedia":[{"embeddable":true,"href":"https:\/\/kalmarslott.se\/da\/wp-json\/wp\/v2\/media\/7626"}],"wp:attachment":[{"href":"https:\/\/kalmarslott.se\/da\/wp-json\/wp\/v2\/media?parent=7740"}],"curies":[{"name":"wp","href":"https:\/\/api.w.org\/{rel}","templated":true}]}}